{"id":9502,"date":"2017-09-30T16:40:35","date_gmt":"2017-09-30T16:40:35","guid":{"rendered":"http:\/\/koska.de\/?page_id=9502"},"modified":"2025-07-30T06:48:49","modified_gmt":"2025-07-30T06:48:49","slug":"start-2","status":"publish","type":"page","link":"https:\/\/koska.de\/en\/","title":{"rendered":"About me"},"content":{"rendered":"<div data-mkd-anchor=\"about\" class=\"vc_row wpb_row vc_row-fluid mkd-section mkd-content-aligment-left\" style=\"\"><div class=\"clearfix mkd-full-section-inner\"><div class=\"wpb_column vc_column_container vc_col-sm-12\"><div class=\"vc_column-inner\"><div class=\"wpb_wrapper\"><div class=\"vc_empty_space\"   style=\"height: 21px\"><span class=\"vc_empty_space_inner\"><\/span><\/div><div class=\"vc_separator wpb_content_element vc_separator_align_center vc_sep_width_100 vc_sep_pos_align_center vc_sep_color_grey vc_separator-has-text\" ><span class=\"vc_sep_holder vc_sep_holder_l\"><span  class=\"vc_sep_line\"><\/span><\/span><h4>About me<\/h4><span class=\"vc_sep_holder vc_sep_holder_r\"><span  class=\"vc_sep_line\"><\/span><\/span>\n<\/div><div class=\"vc_empty_space\"   style=\"height: 52px\"><span class=\"vc_empty_space_inner\"><\/span><\/div>\n<div class=\"mkd-section-title mkd-section-align-center\" style=\"color: #000000;font-size: 72px\">\n\tDr. phil. Christopher Koska<span class=\"mkd-section-highlighted\" style=\"color: #50b28a\">.<\/span><\/div><div class=\"vc_empty_space\"   style=\"height: 18px\"><span class=\"vc_empty_space_inner\"><\/span><\/div><div class=\"mkd-separator-holder clearfix  mkd-separator-center\">\n\t<div class=\"mkd-separator\" style=\"border-color: #50b28a;border-bottom-width: 3px\"><\/div>\n<\/div>\n<div class=\"vc_empty_space\"   style=\"height: 22px\"><span class=\"vc_empty_space_inner\"><\/span><\/div><div class=\"mkd-elements-holder mkd-three-columns mkd-responsive-mode-768 mkd-elements-items-float\" ><div class=\"mkd-elements-holder-item\" data-item-class=\"mkd-elements-holder-custom-998680\" >\n\t\t<div class=\"mkd-elements-holder-item-inner\">\n\t\t<div class=\"mkd-elements-holder-item-content mkd-elements-holder-custom-998680\" >\n\t\t\t\n\t<div  class=\"wpb_single_image wpb_content_element vc_align_left\">\n\t\t\n\t\t<figure class=\"wpb_wrapper vc_figure\">\n\t\t\t<div class=\"vc_single_image-wrapper vc_box_shadow  vc_box_border_grey\"><img loading=\"lazy\" decoding=\"async\" width=\"1060\" height=\"1143\" src=\"https:\/\/koska.de\/wp-content\/uploads\/2017\/10\/Christopher_02.jpg\" class=\"vc_single_image-img attachment-large\" alt=\"Christopher Koska\" title=\"Christopher Koska\" srcset=\"https:\/\/koska.de\/wp-content\/uploads\/2017\/10\/Christopher_02.jpg 1417w, https:\/\/koska.de\/wp-content\/uploads\/2017\/10\/Christopher_02-278x300.jpg 278w, https:\/\/koska.de\/wp-content\/uploads\/2017\/10\/Christopher_02-768x828.jpg 768w\" sizes=\"auto, (max-width: 1060px) 100vw, 1060px\" \/><\/div>\n\t\t<\/figure>\n\t<\/div>\n\t\t<\/div>\n\t<\/div>\n<\/div><div class=\"mkd-elements-holder-item\" data-item-class=\"mkd-elements-holder-custom-191695\" >\n\t\t<div class=\"mkd-elements-holder-item-inner\">\n\t\t<div class=\"mkd-elements-holder-item-content mkd-elements-holder-custom-191695\" >\n\t\t\t\n\t<div class=\"wpb_text_column wpb_content_element\" >\n\t\t<div class=\"wpb_wrapper\">\n\t\t\t<p>I explore how digital technologies \u2013 especially data and AI systems \u2013 can be designed and implemented in ways that are not only socially responsible and ethically sound, but also economically viable and practically useful.<\/p>\n<p>My work spans academic research, consulting, and public dialogue. I hold a PhD in media ethics from the Munich School of Philosophy (Ethics of Algorithms) and have led interdisciplinary projects on AI-assisted decision-making in child welfare for public sector organisations, as well as on digital responsibility in data-driven companies. I also served as a Senior Researcher at the Center for Responsible AI Technologies (CReAITech) and helped establish the Corporate Digital Responsibility Lab (CDR-Lab) as part of my work as a Senior Consultant within a strategic consultancy company.<\/p>\n\n\t\t<\/div>\n\t<\/div>\n\t\t<\/div>\n\t<\/div>\n<\/div><div class=\"mkd-elements-holder-item\" data-item-class=\"mkd-elements-holder-custom-976000\" >\n\t\t<div class=\"mkd-elements-holder-item-inner\">\n\t\t<div class=\"mkd-elements-holder-item-content mkd-elements-holder-custom-976000\" >\n\t\t\t\n\t<div class=\"wpb_text_column wpb_content_element\" >\n\t\t<div class=\"wpb_wrapper\">\n\t\t\t<p>Earlier, I coordinated digital product development as an IT project manager at Bertelsmann and studied media technology, computer science, and philosophy in Cottbus, Berlin and Munich. Before starting university, I completed an internship at the International Data Group (IDG) in Silicon Valley while still in high school in the late 1990s \u2013 an early formative experience that sparked my interest in the cultural and ethical dimensions of digitalisation.<\/p>\n<p>Today, I offer consulting, lectures, workshops, and project management \u2013 combining ethical reflection with hands-on experience to support meaningful and responsible digital transformation.<\/p>\n\n\t\t<\/div>\n\t<\/div>\n\t\t<\/div>\n\t<\/div>\n<\/div><\/div><div class=\"vc_empty_space\"   style=\"height: 72px\"><span class=\"vc_empty_space_inner\"><\/span><\/div><\/div><\/div><\/div><\/div><\/div><div data-mkd-anchor=\"publication\" class=\"vc_row wpb_row vc_row-fluid mkd-section vc_custom_1753735399497 mkd-content-aligment-left\" style=\"\"><div class=\"clearfix mkd-full-section-inner\"><div class=\"wpb_column vc_column_container vc_col-sm-12\"><div class=\"vc_column-inner\"><div class=\"wpb_wrapper\"><div class=\"mkd-elements-holder mkd-responsive-mode-768\" ><div class=\"mkd-elements-holder-item\" data-item-class=\"mkd-elements-holder-custom-698606\" >\n\t\t<div class=\"mkd-elements-holder-item-inner\">\n\t\t<div class=\"mkd-elements-holder-item-content mkd-elements-holder-custom-698606\" >\n\t\t\t<div class=\"vc_separator wpb_content_element vc_separator_align_center vc_sep_width_100 vc_sep_pos_align_center vc_sep_color_grey vc_separator-has-text\" ><span class=\"vc_sep_holder vc_sep_holder_l\"><span  class=\"vc_sep_line\"><\/span><\/span><h4>Monograph<\/h4><span class=\"vc_sep_holder vc_sep_holder_r\"><span  class=\"vc_sep_line\"><\/span><\/span>\n<\/div><div class=\"vc_empty_space\"   style=\"height: 52px\"><span class=\"vc_empty_space_inner\"><\/span><\/div>\n<div class=\"mkd-section-title mkd-section-align-center\" style=\"color: #000000;font-size: 72px\">\n\tEthics of Algorithms<span class=\"mkd-section-highlighted\" style=\"color: #50b28a\">.<\/span><\/div><div class=\"vc_empty_space\"   style=\"height: 52px\"><span class=\"vc_empty_space_inner\"><\/span><\/div><div class=\"vc_empty_space\"   style=\"height: 117px\"><span class=\"vc_empty_space_inner\"><\/span><\/div>\t\t<\/div>\n\t<\/div>\n<\/div><\/div><\/div><\/div><\/div><\/div><\/div><div data-mkd-parallax-speed=\"1\" class=\"vc_row wpb_row vc_row-fluid mkd-section only-de mkd-content-aligment-center mkd-parallax-section-holder mkd-parallax-section-holder-touch-disabled\" style=\"\"><div class=\"clearfix mkd-full-section-inner\"><div class=\"wpb_column vc_column_container vc_col-sm-4\"><div class=\"vc_column-inner\"><div class=\"wpb_wrapper\"><div class=\"mkd-elements-holder mkd-responsive-mode-768\" ><div class=\"mkd-elements-holder-item\" data-item-class=\"mkd-elements-holder-custom-938424\" >\n\t\t<div class=\"mkd-elements-holder-item-inner\">\n\t\t<div class=\"mkd-elements-holder-item-content mkd-elements-holder-custom-938424\" >\n\t\t\t<div class=\"mkd-image-with-text\">\n            <a class=\"mkd-iwt-link\" href=\"https:\/\/www.kqzyfj.com\/click-100847562-15150084?url=https%3A%2F%2Flink.springer.com%2Fbook%2F10.1007%2F978-3-662-66795-8\" target=\"_blank\">\n        <\/a>\n        <div class=\"mkd-iwt-text\">\n                    <span class=\"mkd-iwt-title\" style=\"color: #ffffff\">\n                Jetzt bestellen auf link.springer.com oder in ihrer Buchhandlung.            <\/span>\n            <\/div>\n\n\t<div class=\"mkd-iwt-image\">\n\t\t\t\t\t<img loading=\"lazy\" decoding=\"async\" width=\"827\" height=\"1254\" src=\"https:\/\/koska.de\/wp-content\/uploads\/2023\/07\/9783662667941.jpg\" class=\"attachment-large size-large\" alt=\"\" srcset=\"https:\/\/koska.de\/wp-content\/uploads\/2023\/07\/9783662667941.jpg 827w, https:\/\/koska.de\/wp-content\/uploads\/2023\/07\/9783662667941-198x300.jpg 198w, https:\/\/koska.de\/wp-content\/uploads\/2023\/07\/9783662667941-768x1165.jpg 768w\" sizes=\"auto, (max-width: 827px) 100vw, 827px\" \/>\t\t\t<\/div>\n<\/div>\t\t<\/div>\n\t<\/div>\n<\/div><\/div><\/div><\/div><\/div><div class=\"wpb_column vc_column_container vc_col-sm-4\"><div class=\"vc_column-inner\"><div class=\"wpb_wrapper\"><div class=\"mkd-elements-holder mkd-responsive-mode-768\" ><div class=\"mkd-elements-holder-item\" data-item-class=\"mkd-elements-holder-custom-529436\" >\n\t\t<div class=\"mkd-elements-holder-item-inner\">\n\t\t<div class=\"mkd-elements-holder-item-content mkd-elements-holder-custom-529436\" >\n\t\t\t\n\t<div class=\"wpb_text_column wpb_content_element\" >\n\t\t<div class=\"wpb_wrapper\">\n\t\t\t<p style=\"text-align: left;\"><strong>Techno:Phil &#8211; Aktuelle Herausforderungen der Technikphilosophie, Band 6<\/strong><\/p>\n\n\t\t<\/div>\n\t<\/div>\n\n\t<div class=\"wpb_text_column wpb_content_element\" >\n\t\t<div class=\"wpb_wrapper\">\n\t\t\t<p style=\"text-align: left;\">Was sind Algorithmen? Gibt es ein Ethos des algorithmischen Denkens und Handelns? Einen Richtungssinn, der uns Orientierung mit Blick auf die allumfassende Datafizierung gibt? Dieses Buch macht sich auf die Suche nach den ideen- und geistesgeschichtlichen Grundlagen der Algorithmik. Dabei besteht die zentrale Aufgabe darin, das Transparenz- und Kontrollproblem, welches sich auch als ein Kompetenz- und Bef\u00e4higungsproblem darstellen l\u00e4sst, begrifflich zug\u00e4nglich zu machen, um es anschlie\u00dfend zu beurteilen und Gestaltungsperspektiven aufzuzeigen.<\/p>\n\n\t\t<\/div>\n\t<\/div>\n\t\t<\/div>\n\t<\/div>\n<\/div><\/div><\/div><\/div><\/div><div class=\"wpb_column vc_column_container vc_col-sm-4\"><div class=\"vc_column-inner\"><div class=\"wpb_wrapper\"><div class=\"mkd-elements-holder mkd-responsive-mode-768 mkd-one-column-alignment-left\" ><div class=\"mkd-elements-holder-item\" data-item-class=\"mkd-elements-holder-custom-209134\" >\n\t\t<div class=\"mkd-elements-holder-item-inner\">\n\t\t<div class=\"mkd-elements-holder-item-content mkd-elements-holder-custom-209134\" >\n\t\t\t\n\t<div class=\"wpb_text_column wpb_content_element\" >\n\t\t<div class=\"wpb_wrapper\">\n\t\t\t<p style=\"text-align: left;\">C. Koska<br \/>\n<strong>Ethics of Algorithms<\/strong><br \/>\n2023. XIX, 205 S. 31 Abb., 22 Abb. in Farbe.<br \/>\n<strong>DOI: <\/strong><a href=\"https:\/\/doi.org\/10.1007\/978-3-662-66795-8\" target=\"_blank\" rel=\"noopener\">10.1007\/978-3-662-66795-8<\/a><strong><br \/>\nDruckausgabe:<\/strong> Brosch.<br \/>\n\u20ac (D) 59,99 | \u20ac (A) 61,67 | CHF 66.50<br \/>\nISBN 978-3-662-66794-1<br \/>\n<strong>eBook:<\/strong><br \/>\n\u20ac 46,99 | CHF 53.00<br \/>\nISBN 978-3-662-66795-8<\/p>\n\n\t\t<\/div>\n\t<\/div>\n<div class=\"vc_empty_space\"   style=\"height: 21px\"><span class=\"vc_empty_space_inner\"><\/span><\/div>\n\t<div class=\"wpb_text_column wpb_content_element\" >\n\t\t<div class=\"wpb_wrapper\">\n\t\t\t<p style=\"text-align: left;\">Jetzt bestellen auf link.springer.com<br \/>\noder in ihrer Buchhandlung.<\/p>\n\n\t\t<\/div>\n\t<\/div>\n<div class=\"vc_empty_space\"   style=\"height: 21px\"><span class=\"vc_empty_space_inner\"><\/span><\/div><a href=\"https:\/\/www.kqzyfj.com\/click-100847562-15150084?url=https%3A%2F%2Flink.springer.com%2Fbook%2F10.1007%2F978-3-662-66795-8\" target=\"_blank\" style=\"background-color: #50b28a;font-weight: 500\" class=\"mkd-btn mkd-btn-medium mkd-btn-solid mkd-btn-custom-hover-bg BestellButton\" data-hover-bg-color=\"#7c7c7c\" >\n\t\t\t<span class=\"mkd-btn-text\">Weitere Infos<\/span>\n\t    <\/a>\t\t<\/div>\n\t<\/div>\n<\/div><\/div><\/div><\/div><\/div><\/div><\/div><div data-mkd-parallax-speed=\"1\" class=\"vc_row wpb_row vc_row-fluid mkd-section only-en mkd-content-aligment-center mkd-parallax-section-holder mkd-parallax-section-holder-touch-disabled\" style=\"\"><div class=\"clearfix mkd-full-section-inner\"><div class=\"wpb_column vc_column_container vc_col-sm-4\"><div class=\"vc_column-inner\"><div class=\"wpb_wrapper\"><div class=\"mkd-elements-holder mkd-responsive-mode-768\" ><div class=\"mkd-elements-holder-item\" data-item-class=\"mkd-elements-holder-custom-581857\" >\n\t\t<div class=\"mkd-elements-holder-item-inner\">\n\t\t<div class=\"mkd-elements-holder-item-content mkd-elements-holder-custom-581857\" >\n\t\t\t<div class=\"mkd-image-with-text\">\n            <a class=\"mkd-iwt-link\" href=\"https:\/\/link.springer.com\/book\/10.1007\/978-3-662-71518-5\" target=\"_blank\">\n        <\/a>\n        <div class=\"mkd-iwt-text\">\n                    <span class=\"mkd-iwt-title\" style=\"color: #ffffff\">\n                Available via SpringerLink            <\/span>\n            <\/div>\n\n\t<div class=\"mkd-iwt-image\">\n\t\t\t\t\t<img loading=\"lazy\" decoding=\"async\" width=\"827\" height=\"1254\" src=\"https:\/\/koska.de\/wp-content\/uploads\/2025\/07\/978-3-662-71518-5.webp\" class=\"attachment-large size-large\" alt=\"Cover image &quot;Ethics of Algorithms&quot;\" srcset=\"https:\/\/koska.de\/wp-content\/uploads\/2025\/07\/978-3-662-71518-5.webp 827w, https:\/\/koska.de\/wp-content\/uploads\/2025\/07\/978-3-662-71518-5-198x300.webp 198w, https:\/\/koska.de\/wp-content\/uploads\/2025\/07\/978-3-662-71518-5-768x1165.webp 768w, https:\/\/koska.de\/wp-content\/uploads\/2025\/07\/978-3-662-71518-5-8x12.webp 8w\" sizes=\"auto, (max-width: 827px) 100vw, 827px\" \/>\t\t\t<\/div>\n<\/div>\t\t<\/div>\n\t<\/div>\n<\/div><\/div><\/div><\/div><\/div><div class=\"wpb_column vc_column_container vc_col-sm-4\"><div class=\"vc_column-inner\"><div class=\"wpb_wrapper\"><div class=\"mkd-elements-holder mkd-responsive-mode-768\" ><div class=\"mkd-elements-holder-item\" data-item-class=\"mkd-elements-holder-custom-729728\" >\n\t\t<div class=\"mkd-elements-holder-item-inner\">\n\t\t<div class=\"mkd-elements-holder-item-content mkd-elements-holder-custom-729728\" >\n\t\t\t\n\t<div class=\"wpb_text_column wpb_content_element\" >\n\t\t<div class=\"wpb_wrapper\">\n\t\t\t<p style=\"text-align: left;\"><strong>Updatet and extended translation of the original German edition.<\/strong><\/p>\n\n\t\t<\/div>\n\t<\/div>\n\n\t<div class=\"wpb_text_column wpb_content_element\" >\n\t\t<div class=\"wpb_wrapper\">\n\t\t\t<p style=\"text-align: left;\">What are algorithms? Is there an ethos of algorithmic thinking and acting? A sense of direction that provides us with orientation in the face of comprehensive datafication? This book explores the historical and intellectual foundations of algorithmics. The central task is to conceptually describe the problem of transparency and control, which can also be understood as a problem of competence or empowerment, and make it accessible to an ethical approach in order to assess it and to highlight design perspectives.<\/p>\n\n\t\t<\/div>\n\t<\/div>\n\t\t<\/div>\n\t<\/div>\n<\/div><\/div><\/div><\/div><\/div><div class=\"wpb_column vc_column_container vc_col-sm-4\"><div class=\"vc_column-inner\"><div class=\"wpb_wrapper\"><div class=\"mkd-elements-holder mkd-responsive-mode-768 mkd-one-column-alignment-left\" ><div class=\"mkd-elements-holder-item\" data-item-class=\"mkd-elements-holder-custom-192118\" >\n\t\t<div class=\"mkd-elements-holder-item-inner\">\n\t\t<div class=\"mkd-elements-holder-item-content mkd-elements-holder-custom-192118\" >\n\t\t\t\n\t<div class=\"wpb_text_column wpb_content_element\" >\n\t\t<div class=\"wpb_wrapper\">\n\t\t\t<p style=\"text-align: left;\">C. Koska<br \/>\n<strong>Ethics of Algorithms.<\/strong><br \/>\n2025 \u00b7 XIX, 184 pages \u00b7 31 illustrations, 23 in colour<br \/>\n<strong>DOI: <\/strong><a href=\"https:\/\/doi.org\/10.1007\/978-3-662-71518-5\" target=\"_blank\" rel=\"noopener\">10.1007\/978-3-662-71518-5<\/a><strong><br \/>\nPrint edition:<\/strong> Softcover \u00b7 \u20ac106.99<br \/>\nISBN 978-3-662-71517-8<br \/>\n<strong>eBook:<\/strong> \u20ac 85.59<br \/>\nISBN 978-3-662-71518-5<\/p>\n\n\t\t<\/div>\n\t<\/div>\n<div class=\"vc_empty_space\"   style=\"height: 21px\"><span class=\"vc_empty_space_inner\"><\/span><\/div>\n\t<div class=\"wpb_text_column wpb_content_element\" >\n\t\t<div class=\"wpb_wrapper\">\n\t\t\t<p style=\"text-align: left;\">Available via SpringerLink.<\/p>\n\n\t\t<\/div>\n\t<\/div>\n<div class=\"vc_empty_space\"   style=\"height: 21px\"><span class=\"vc_empty_space_inner\"><\/span><\/div><a href=\"https:\/\/link.springer.com\/book\/10.1007\/978-3-662-71518-5\" target=\"_blank\" style=\"background-color: #50b28a;font-weight: 500\" class=\"mkd-btn mkd-btn-medium mkd-btn-solid mkd-btn-custom-hover-bg BestellButton\" data-hover-bg-color=\"#7c7c7c\" >\n\t\t\t<span class=\"mkd-btn-text\">More information<\/span>\n\t    <\/a>\t\t<\/div>\n\t<\/div>\n<\/div><\/div><\/div><\/div><\/div><\/div><\/div><div class=\"vc_row wpb_row vc_row-fluid mkd-section vc_custom_1688537864126 mkd-content-aligment-left\" style=\"\"><div class=\"clearfix mkd-full-section-inner\"><div class=\"wpb_column vc_column_container vc_col-sm-12\"><div class=\"vc_column-inner\"><div class=\"wpb_wrapper\"><div class=\"mkd-elements-holder mkd-responsive-mode-768\" ><div class=\"mkd-elements-holder-item\" data-item-class=\"mkd-elements-holder-custom-116632\" >\n\t\t<div class=\"mkd-elements-holder-item-inner\">\n\t\t<div class=\"mkd-elements-holder-item-content mkd-elements-holder-custom-116632\" >\n\t\t\t<div class=\"vc_empty_space\"   style=\"height: 64px\"><span class=\"vc_empty_space_inner\"><\/span><\/div>\t\t<\/div>\n\t<\/div>\n<\/div><\/div><\/div><\/div><\/div><\/div><\/div><div class=\"vc_row wpb_row vc_row-fluid mkd-section vc_custom_1753735382458 mkd-content-aligment-left\" style=\"\"><div class=\"clearfix mkd-full-section-inner\"><div class=\"wpb_column vc_column_container vc_col-sm-12\"><div class=\"vc_column-inner\"><div class=\"wpb_wrapper\"><div class=\"mkd-elements-holder mkd-responsive-mode-768\" ><div class=\"mkd-elements-holder-item\" data-item-class=\"mkd-elements-holder-custom-365577\" >\n\t\t<div class=\"mkd-elements-holder-item-inner\">\n\t\t<div class=\"mkd-elements-holder-item-content mkd-elements-holder-custom-365577\" >\n\t\t\t<div class=\"vc_empty_space\"   style=\"height: 52px\"><span class=\"vc_empty_space_inner\"><\/span><\/div>\n\t<div class=\"wpb_text_column wpb_content_element\" >\n\t\t<div class=\"wpb_wrapper\">\n\t\t\t<h2 style=\"text-align: center;\">Further publications<\/h2>\n\n\t\t<\/div>\n\t<\/div>\n<div class=\"vc_empty_space\"   style=\"height: 120px\"><span class=\"vc_empty_space_inner\"><\/span><\/div>\t\t<\/div>\n\t<\/div>\n<\/div><\/div><\/div><\/div><\/div><\/div><\/div><div data-mkd-parallax-speed=\"1\" class=\"vc_row wpb_row vc_row-fluid mkd-section only-de mkd-content-aligment-center mkd-parallax-section-holder mkd-parallax-section-holder-touch-disabled\" style=\"\"><div class=\"clearfix mkd-full-section-inner\"><div class=\"wpb_column vc_column_container vc_col-sm-4\"><div class=\"vc_column-inner\"><div class=\"wpb_wrapper\"><div class=\"mkd-elements-holder mkd-responsive-mode-768\" ><div class=\"mkd-elements-holder-item\" data-item-class=\"mkd-elements-holder-custom-796218\" >\n\t\t<div class=\"mkd-elements-holder-item-inner\">\n\t\t<div class=\"mkd-elements-holder-item-content mkd-elements-holder-custom-796218\" >\n\t\t\t<div class=\"mkd-image-with-text\">\n            <a class=\"mkd-iwt-link\" href=\"https:\/\/human-magazin.de\/#magazin\" target=\"_blank\">\n        <\/a>\n        <div class=\"mkd-iwt-text\">\n                    <span class=\"mkd-iwt-title\" style=\"color: #ffffff\">\n                Interview in Human 02\/2024 zum KAIMo-Projekt, das erforscht, wie KI moralisch komplexe Entscheidungen im Bereich der Kinderf\u00fcrsorge unterst\u00fctzen kann.            <\/span>\n            <\/div>\n\n\t<div class=\"mkd-iwt-image\">\n\t\t\t\t\t<img loading=\"lazy\" decoding=\"async\" width=\"800\" height=\"1043\" src=\"https:\/\/koska.de\/wp-content\/uploads\/2025\/07\/Human-Magazine-DE.jpg\" class=\"attachment-full size-full\" alt=\"\" srcset=\"https:\/\/koska.de\/wp-content\/uploads\/2025\/07\/Human-Magazine-DE.jpg 800w, https:\/\/koska.de\/wp-content\/uploads\/2025\/07\/Human-Magazine-DE-230x300.jpg 230w, https:\/\/koska.de\/wp-content\/uploads\/2025\/07\/Human-Magazine-DE-768x1001.jpg 768w, https:\/\/koska.de\/wp-content\/uploads\/2025\/07\/Human-Magazine-DE-9x12.jpg 9w\" sizes=\"auto, (max-width: 800px) 100vw, 800px\" \/>\t\t\t<\/div>\n<\/div>\t\t<\/div>\n\t<\/div>\n<\/div><\/div><\/div><\/div><\/div><div class=\"wpb_column vc_column_container vc_col-sm-4\"><div class=\"vc_column-inner\"><div class=\"wpb_wrapper\"><div class=\"mkd-elements-holder mkd-responsive-mode-768\" ><div class=\"mkd-elements-holder-item\" data-item-class=\"mkd-elements-holder-custom-222363\" >\n\t\t<div class=\"mkd-elements-holder-item-inner\">\n\t\t<div class=\"mkd-elements-holder-item-content mkd-elements-holder-custom-222363\" >\n\t\t\t<div class=\"mkd-image-with-text\">\n            <a class=\"mkd-iwt-link\" href=\"https:\/\/www.transcript-open.de\/isbn\/6905\" target=\"_blank\">\n        <\/a>\n        <div class=\"mkd-iwt-text\">\n                    <span class=\"mkd-iwt-title\" style=\"color: #ffffff\">\n                Mitherausgeber dieses zweisprachigen Sammelbandes und Co-Autor von zwei Beitr\u00e4gen: einer aus einem interdisziplin\u00e4ren Forschungsprojekt (KAIMo), einer gemeinsam mit Praktikerinnen aus einem datengetriebenen Unternehmen (DATEV).            <\/span>\n            <\/div>\n\n\t<div class=\"mkd-iwt-image\">\n\t\t\t\t\t<img loading=\"lazy\" decoding=\"async\" width=\"800\" height=\"1215\" src=\"https:\/\/koska.de\/wp-content\/uploads\/2025\/07\/Kuenstliche-Intelligenz-und-Ethische-Verantwortung.jpeg\" class=\"attachment-full size-full\" alt=\"Book Cover AI and Responsibility\" srcset=\"https:\/\/koska.de\/wp-content\/uploads\/2025\/07\/Kuenstliche-Intelligenz-und-Ethische-Verantwortung.jpeg 800w, https:\/\/koska.de\/wp-content\/uploads\/2025\/07\/Kuenstliche-Intelligenz-und-Ethische-Verantwortung-198x300.jpeg 198w, https:\/\/koska.de\/wp-content\/uploads\/2025\/07\/Kuenstliche-Intelligenz-und-Ethische-Verantwortung-768x1166.jpeg 768w, https:\/\/koska.de\/wp-content\/uploads\/2025\/07\/Kuenstliche-Intelligenz-und-Ethische-Verantwortung-8x12.jpeg 8w\" sizes=\"auto, (max-width: 800px) 100vw, 800px\" \/>\t\t\t<\/div>\n<\/div>\t\t<\/div>\n\t<\/div>\n<\/div><\/div><\/div><\/div><\/div><div class=\"wpb_column vc_column_container vc_col-sm-4\"><div class=\"vc_column-inner\"><div class=\"wpb_wrapper\"><div class=\"mkd-elements-holder mkd-responsive-mode-768\" ><div class=\"mkd-elements-holder-item\" data-item-class=\"mkd-elements-holder-custom-509975\" >\n\t\t<div class=\"mkd-elements-holder-item-inner\">\n\t\t<div class=\"mkd-elements-holder-item-content mkd-elements-holder-custom-509975\" >\n\t\t\t<div class=\"mkd-image-with-text\">\n            <a class=\"mkd-iwt-link\" href=\"https:\/\/www.bertelsmann-stiftung.de\/index.php?id=5772&#038;tx_rsmbstpublications_pi2%5bdoi%5d=10.11586\/2018033&#038;no_cache=1\" target=\"_blank\">\n        <\/a>\n        <div class=\"mkd-iwt-text\">\n                    <span class=\"mkd-iwt-title\" style=\"color: #ffffff\">\n                Studie f\u00fcr die Bertelsmannstiftung (Hg.) in Kooperation mit Alexander Filipovi\u0107 und Claudia Paganini            <\/span>\n            <\/div>\n\n\t<div class=\"mkd-iwt-image\">\n\t\t\t\t\t<img loading=\"lazy\" decoding=\"async\" width=\"1739\" height=\"2470\" src=\"https:\/\/koska.de\/wp-content\/uploads\/2025\/07\/Bertelsmannstudie-DE.png\" class=\"attachment-full size-full\" alt=\"\" srcset=\"https:\/\/koska.de\/wp-content\/uploads\/2025\/07\/Bertelsmannstudie-DE.png 1739w, https:\/\/koska.de\/wp-content\/uploads\/2025\/07\/Bertelsmannstudie-DE-211x300.png 211w, https:\/\/koska.de\/wp-content\/uploads\/2025\/07\/Bertelsmannstudie-DE-1408x2000.png 1408w, https:\/\/koska.de\/wp-content\/uploads\/2025\/07\/Bertelsmannstudie-DE-768x1091.png 768w, https:\/\/koska.de\/wp-content\/uploads\/2025\/07\/Bertelsmannstudie-DE-1081x1536.png 1081w, https:\/\/koska.de\/wp-content\/uploads\/2025\/07\/Bertelsmannstudie-DE-1442x2048.png 1442w, https:\/\/koska.de\/wp-content\/uploads\/2025\/07\/Bertelsmannstudie-DE-8x12.png 8w\" sizes=\"auto, (max-width: 1739px) 100vw, 1739px\" \/>\t\t\t<\/div>\n<\/div>\t\t<\/div>\n\t<\/div>\n<\/div><\/div><\/div><\/div><\/div><\/div><\/div><div data-mkd-parallax-speed=\"1\" class=\"vc_row wpb_row vc_row-fluid mkd-section only-en mkd-content-aligment-center mkd-parallax-section-holder mkd-parallax-section-holder-touch-disabled\" style=\"\"><div class=\"clearfix mkd-full-section-inner\"><div class=\"wpb_column vc_column_container vc_col-sm-4\"><div class=\"vc_column-inner\"><div class=\"wpb_wrapper\"><div class=\"mkd-elements-holder mkd-responsive-mode-768\" ><div class=\"mkd-elements-holder-item\" data-item-class=\"mkd-elements-holder-custom-856446\" >\n\t\t<div class=\"mkd-elements-holder-item-inner\">\n\t\t<div class=\"mkd-elements-holder-item-content mkd-elements-holder-custom-856446\" >\n\t\t\t<div class=\"mkd-image-with-text\">\n            <a class=\"mkd-iwt-link\" href=\"https:\/\/human-magazin.de\/#magazin\" target=\"_blank\">\n        <\/a>\n        <div class=\"mkd-iwt-text\">\n                    <span class=\"mkd-iwt-title\" style=\"color: #ffffff\">\n                Report for human 02\/2024 on the KAIMo project, exploring how algorithms can support morally complex decisions in child welfare cases.            <\/span>\n            <\/div>\n\n\t<div class=\"mkd-iwt-image\">\n\t\t\t\t\t<img loading=\"lazy\" decoding=\"async\" width=\"1582\" height=\"2117\" src=\"https:\/\/koska.de\/wp-content\/uploads\/2025\/07\/Intelligent-Care-Human-Magazine.png\" class=\"attachment-full size-full\" alt=\"Contribution to Human Magazine 02\/2024\" srcset=\"https:\/\/koska.de\/wp-content\/uploads\/2025\/07\/Intelligent-Care-Human-Magazine.png 1582w, https:\/\/koska.de\/wp-content\/uploads\/2025\/07\/Intelligent-Care-Human-Magazine-224x300.png 224w, https:\/\/koska.de\/wp-content\/uploads\/2025\/07\/Intelligent-Care-Human-Magazine-1495x2000.png 1495w, https:\/\/koska.de\/wp-content\/uploads\/2025\/07\/Intelligent-Care-Human-Magazine-768x1028.png 768w, https:\/\/koska.de\/wp-content\/uploads\/2025\/07\/Intelligent-Care-Human-Magazine-1148x1536.png 1148w, https:\/\/koska.de\/wp-content\/uploads\/2025\/07\/Intelligent-Care-Human-Magazine-1530x2048.png 1530w, https:\/\/koska.de\/wp-content\/uploads\/2025\/07\/Intelligent-Care-Human-Magazine-9x12.png 9w\" sizes=\"auto, (max-width: 1582px) 100vw, 1582px\" \/>\t\t\t<\/div>\n<\/div>\t\t<\/div>\n\t<\/div>\n<\/div><\/div><\/div><\/div><\/div><div class=\"wpb_column vc_column_container vc_col-sm-4\"><div class=\"vc_column-inner\"><div class=\"wpb_wrapper\"><div class=\"mkd-elements-holder mkd-responsive-mode-768\" ><div class=\"mkd-elements-holder-item\" data-item-class=\"mkd-elements-holder-custom-704887\" >\n\t\t<div class=\"mkd-elements-holder-item-inner\">\n\t\t<div class=\"mkd-elements-holder-item-content mkd-elements-holder-custom-704887\" >\n\t\t\t<div class=\"mkd-image-with-text\">\n            <a class=\"mkd-iwt-link\" href=\"https:\/\/www.transcript-open.de\/isbn\/6905\" target=\"_blank\">\n        <\/a>\n        <div class=\"mkd-iwt-text\">\n                    <span class=\"mkd-iwt-title\" style=\"color: #ffffff\">\n                Co-editor of the bilingual anthology &#039;AI and Ethical Responsibility&#039;. Contributor of two research articles written in collaboration with two different interdisciplinary research teams.            <\/span>\n            <\/div>\n\n\t<div class=\"mkd-iwt-image\">\n\t\t\t\t\t<img loading=\"lazy\" decoding=\"async\" width=\"800\" height=\"1215\" src=\"https:\/\/koska.de\/wp-content\/uploads\/2025\/07\/Kuenstliche-Intelligenz-und-Ethische-Verantwortung.jpeg\" class=\"attachment-full size-full\" alt=\"Book Cover AI and Responsibility\" srcset=\"https:\/\/koska.de\/wp-content\/uploads\/2025\/07\/Kuenstliche-Intelligenz-und-Ethische-Verantwortung.jpeg 800w, https:\/\/koska.de\/wp-content\/uploads\/2025\/07\/Kuenstliche-Intelligenz-und-Ethische-Verantwortung-198x300.jpeg 198w, https:\/\/koska.de\/wp-content\/uploads\/2025\/07\/Kuenstliche-Intelligenz-und-Ethische-Verantwortung-768x1166.jpeg 768w, https:\/\/koska.de\/wp-content\/uploads\/2025\/07\/Kuenstliche-Intelligenz-und-Ethische-Verantwortung-8x12.jpeg 8w\" sizes=\"auto, (max-width: 800px) 100vw, 800px\" \/>\t\t\t<\/div>\n<\/div>\t\t<\/div>\n\t<\/div>\n<\/div><\/div><\/div><\/div><\/div><div class=\"wpb_column vc_column_container vc_col-sm-4\"><div class=\"vc_column-inner\"><div class=\"wpb_wrapper\"><div class=\"mkd-elements-holder mkd-responsive-mode-768\" ><div class=\"mkd-elements-holder-item\" data-item-class=\"mkd-elements-holder-custom-773013\" >\n\t\t<div class=\"mkd-elements-holder-item-inner\">\n\t\t<div class=\"mkd-elements-holder-item-content mkd-elements-holder-custom-773013\" >\n\t\t\t<div class=\"mkd-image-with-text\">\n            <a class=\"mkd-iwt-link\" href=\"https:\/\/www.bertelsmann-stiftung.de\/en\/publications\/publication\/did\/developing-a-professional-ethics-for-algorithmists\" target=\"_blank\">\n        <\/a>\n        <div class=\"mkd-iwt-text\">\n                    <span class=\"mkd-iwt-title\" style=\"color: #ffffff\">\n                Developing a Professional Ethics for Algorithmists. Learning from the Examples of Established Ethics.            <\/span>\n            <\/div>\n\n\t<div class=\"mkd-iwt-image\">\n\t\t\t\t\t<img loading=\"lazy\" decoding=\"async\" width=\"1571\" height=\"2236\" src=\"https:\/\/koska.de\/wp-content\/uploads\/2025\/07\/Bildschirmfoto-2025-07-28-um-16.30.09.png\" class=\"attachment-full size-full\" alt=\"Cover Image\" srcset=\"https:\/\/koska.de\/wp-content\/uploads\/2025\/07\/Bildschirmfoto-2025-07-28-um-16.30.09.png 1571w, https:\/\/koska.de\/wp-content\/uploads\/2025\/07\/Bildschirmfoto-2025-07-28-um-16.30.09-211x300.png 211w, https:\/\/koska.de\/wp-content\/uploads\/2025\/07\/Bildschirmfoto-2025-07-28-um-16.30.09-1405x2000.png 1405w, https:\/\/koska.de\/wp-content\/uploads\/2025\/07\/Bildschirmfoto-2025-07-28-um-16.30.09-768x1093.png 768w, https:\/\/koska.de\/wp-content\/uploads\/2025\/07\/Bildschirmfoto-2025-07-28-um-16.30.09-1079x1536.png 1079w, https:\/\/koska.de\/wp-content\/uploads\/2025\/07\/Bildschirmfoto-2025-07-28-um-16.30.09-1439x2048.png 1439w, https:\/\/koska.de\/wp-content\/uploads\/2025\/07\/Bildschirmfoto-2025-07-28-um-16.30.09-8x12.png 8w\" sizes=\"auto, (max-width: 1571px) 100vw, 1571px\" \/>\t\t\t<\/div>\n<\/div>\t\t<\/div>\n\t<\/div>\n<\/div><\/div><\/div><\/div><\/div><\/div><\/div><div class=\"vc_row wpb_row vc_row-fluid mkd-section mkd-content-aligment-left\" style=\"\"><div class=\"clearfix mkd-full-section-inner\"><div class=\"wpb_column vc_column_container vc_col-sm-12\"><div class=\"vc_column-inner\"><div class=\"wpb_wrapper\"><div class=\"vc_empty_space\"   style=\"height: 64px\"><span class=\"vc_empty_space_inner\"><\/span><\/div><div class=\"mkd-elements-holder mkd-responsive-mode-768\" ><div class=\"mkd-elements-holder-item\" data-item-class=\"mkd-elements-holder-custom-494554\" >\n\t\t<div class=\"mkd-elements-holder-item-inner\">\n\t\t<div class=\"mkd-elements-holder-item-content mkd-elements-holder-custom-494554\" >\n\t\t\t<div class=\"mkd-accordion-holder clearfix mkd-accordion mkd-initial\">\n\t<h6 class=\"clearfix mkd-title-holder\">\n\t<span class=\"mkd-tab-title\">\n\t\t<span class=\"mkd-tab-title-inner\">\n\t\t\tList of Publications\t\t<\/span>\n\t<\/span>\n\t<span class=\"mkd-accordion-mark\">\n\t\t<span class=\"mkd-accordion-mark-icon\">\n\t\t\t<span class=\"icon_plus\"><\/span>\n\t\t\t<span class=\"icon_minus-06\"><\/span>\n\t\t<\/span>\n\t<\/span>\n<\/h6>\n<div class=\"mkd-accordion-content\">\n\t<div class=\"mkd-accordion-content-inner\">\n\t\t<div class=\"vc_empty_space\"   style=\"height: 22px\"><span class=\"vc_empty_space_inner\"><\/span><\/div><div class=\"vc_separator wpb_content_element vc_separator_align_left vc_sep_width_100 vc_sep_pos_align_center vc_sep_color_grey vc_separator-has-text\" ><span class=\"vc_sep_holder vc_sep_holder_l\"><span  class=\"vc_sep_line\"><\/span><\/span><h4>Monograph<\/h4><span class=\"vc_sep_holder vc_sep_holder_r\"><span  class=\"vc_sep_line\"><\/span><\/span>\n<\/div><div class=\"vc_empty_space\"   style=\"height: 22px\"><span class=\"vc_empty_space_inner\"><\/span><\/div><div class=\"mkd-unordered-list\" >\n<ul>\n<li>Koska, Christopher (2025): Ethics of Algorithms. In Search of Numbers and Values. Springer Nature. Updatet and extended translation of the original German edition \u201eEthik der Algorithmen. Auf der Suche nach Zahlen und Werten.\u201c DOI: <a href=\"https:\/\/doi.org\/10.1007\/978-3-662-71518-5\">https:\/\/doi.org\/10.1007\/978-3-662-71518-5<\/a><\/li>\n<li>Koska, Christopher (2023): Ethik der Algorithmen. Auf der Suche nach Zahlen und Werten. J.B. Metzler Berlin, Heidelberg. <span class=\"u-text-bold\">Part of the book series:<\/span>\u00a0Techno:Phil \u2013 Aktuelle Herausforderungen der Technikphilosophie (Volume 6). DOI: <a href=\"https:\/\/doi.org\/10.1007\/978-3-662-66795-8\">https:\/\/doi.org\/10.1007\/978-3-662-66795-8<\/a><\/li>\n<\/ul>\n<\/div><div class=\"vc_empty_space\"   style=\"height: 22px\"><span class=\"vc_empty_space_inner\"><\/span><\/div><div class=\"vc_separator wpb_content_element vc_separator_align_left vc_sep_width_100 vc_sep_pos_align_center vc_sep_color_grey vc_separator-has-text\" ><span class=\"vc_sep_holder vc_sep_holder_l\"><span  class=\"vc_sep_line\"><\/span><\/span><h4>Editorship<\/h4><span class=\"vc_sep_holder vc_sep_holder_r\"><span  class=\"vc_sep_line\"><\/span><\/span>\n<\/div><div class=\"vc_empty_space\"   style=\"height: 22px\"><span class=\"vc_empty_space_inner\"><\/span><\/div><div class=\"mkd-unordered-list\" >\n<ul>\n<li>Reder, Michael; Koska, Christopher (2024): K\u00fcnstliche Intelligenz und ethische Verantwortung.\nBilingual and interdisciplinary anthology on the role of artificial intelligence in moral decision-making. The volume covers the following key areas: human\u2013machine relations, bias and discrimination in data and algorithms, technical and social implications of AI, child welfare and vulnerability. Transcript Verlag. Open Access (eBook). DOI: <a href=\"https:\/\/doi.org\/10.14361\/9783839469057\" target=\"_blank\" rel=\"noopener\">https:\/\/doi.org\/10.14361\/9783839469057<\/a><\/li>\n<\/ul>\n<\/div><div class=\"vc_empty_space\"   style=\"height: 22px\"><span class=\"vc_empty_space_inner\"><\/span><\/div><div class=\"vc_separator wpb_content_element vc_separator_align_left vc_sep_width_100 vc_sep_pos_align_center vc_sep_color_grey vc_separator-has-text\" ><span class=\"vc_sep_holder vc_sep_holder_l\"><span  class=\"vc_sep_line\"><\/span><\/span><h4>Articles and contributions<\/h4><span class=\"vc_sep_holder vc_sep_holder_r\"><span  class=\"vc_sep_line\"><\/span><\/span>\n<\/div><div class=\"vc_empty_space\"   style=\"height: 22px\"><span class=\"vc_empty_space_inner\"><\/span><\/div><div class=\"mkd-unordered-list\" >\n<ul>\n<li>Koska, Christopher (forthcoming): Algorithmen und Automatisierung. Grundbegriffe der Daten- und Algorithmenethik. In: Filipovi\u0107, A.; Endres, S.; Franzetti, A. (Eds.): Handbuch Medienethik. UVK\/UTB. Forthcoming.<\/li>\n<li>Koska, Christopher; Reder, Michael (2024): Intelligente F\u00fcrsorge. In: Human Magazine (02\/2024), pp. 58\u201359. Verf\u00fcgbar auf Deutsch und Englisch unter <a href=\"https:\/\/courage-lesen.de\/human\">https:\/\/courage-lesen.de\/human<\/a><\/li>\n<li>Burghardt, Jennifer; Lehmann, Robert; Reder, Michael; Koska, Christopher; Kraus, Maximilian; M\u00fcller, Nicholas (2024): Kann K\u00fcnstliche Intelligenz sozialarbeiterische Entscheidungsprozesse unterst\u00fctzen? Ethik und digitale Operationalisierung im Feld der Kindeswohlgef\u00e4hrdung. In: unsere jugend (76), S. 300\u2013310, online frei verf\u00fcgbar unter: <a href=\"https:\/\/elibrary.utb.de\/doi\/pdf\/10.2378\/uj20240704\" target=\"_blank\" rel=\"noopener\">https:\/\/elibrary.utb.de\/doi\/pdf\/10.2378\/uj20240704<\/a><\/li>\n<li>Wolf, Susanna; Gocke, Andrea; Koska, Christopher (2024): KI-Szenarien gemeinsam gestalten. In: Brink, A. (Ed.): Corporate Digital Responsibility. Menschenzentrierte Digitalisierung. Nomos. DOI: <a href=\"https:\/\/doi.org\/10.5771\/9783748949886\" target=\"_blank\" rel=\"noopener\">https:\/\/doi.org\/10.5771\/9783748949886<\/a><\/li>\n<li>Koska, Christopher; Prugger, Julian; J\u00f6rg, Sophie; Reder, Michael (2024): Die Verlagerung von Vertrauen vom Menschen zur Maschine: Eine Erweiterung des zwischenmenschlichen Vertrauensparadigmas im Kontext K\u00fcnstlicher Intelligenz. In: Beck, B.; Reinhardt, K.; Schweiger, G.; Zichy, M. (Eds.): Zeitschrift f\u00fcr Praktische Philosophie, Vol. 11(1), pp. 343\u2013366. Open access: <a href=\"https:\/\/www.praktische-philosophie.org\/zfpp\/article\/view\/396\/440\" target=\"_blank\" rel=\"noopener\">https:\/\/doi.org\/10.22613\/zfpp\/11.1.14<\/a><\/li>\n<li>Wolf, Susanna; Sch\u00fctte, Jan-Fiete; Hauer, Marc; Koska, Christopher (2024): Vertrauen im Kontext. Messung und Operationalisierung. In: Reder, M.; Koska, C. (Eds.): K\u00fcnstliche Intelligenz und ethische Verantwortung. Transcript Verlag.<\/li>\n<li>Kraus, Maximilian; Burghardt, Jennifer; Koska, Christopher (2024): AI-assisted reflection in child welfare. In: Reder, M.; Koska, C. (Eds.): K\u00fcnstliche Intelligenz und ethische Verantwortung. Transcript, pp. 63\u201383. Open access: <a href=\"https:\/\/doi.org\/10.14361\/9783839469057\" target=\"_blank\" rel=\"noopener\">https:\/\/doi.org\/10.14361\/9783839469057<\/a><\/li>\n<li>Koska, Christopher; Reder, Michael (2023): KI-gest\u00fctzte Assistenz f\u00fcr moralische Konfliktsituationen. Zur Algorithmisierung im Handlungsfeld der Kindeswohlgef\u00e4hrdung. In: Grimm, P.; Z\u00f6llner, O. (Eds.): Medien \u2013 Ethik \u2013 Digitalisierung. Aktuelle Herausforderungen. Schriftenreihe Medienethik, Vol. 19, Franz Steiner Verlag. Overview of the series: <a href=\"https:\/\/www.steiner-verlag.de\/Medien-Ethik-Digitalisierung\/9783515135993\">https:\/\/www.steiner-verlag.de\/brand\/Medienethik<\/a><\/li>\n<li>Reder, Michael; Koska, Christopher (2022): Wie kann KI die Soziale Arbeit unterst\u00fctzen? Online article: <a href=\"https:\/\/www.bidt.digital\/wie-kann-ki-die-soziale-arbeit-unterstuetzen\" target=\"_blank\" rel=\"noopener\">https:\/\/www.bidt.digital\/wie-kann-ki-die-soziale-arbeit-unterstuetzen<\/a><\/li>\n<li>Koska, Christopher (2022): Algorithmen und Automatisierung (KI). Grundbegriffe der Kommunikations- und Medienethik, Part 29. In: Communicatio Socialis, Vol. 3\/2022. DOI:\u00a0<a title=\"https:\/\/doi.org\/10.5771\/0010-3497-2022-3-367\" href=\"https:\/\/doi.org\/10.5771\/0010-3497-2022-3-367\">https:\/\/doi.org\/10.5771\/0010-3497-2022-3-367 <\/a><\/li>\n<li>Koska, Christopher (2020): Von der Digitalisierungsstrategie zur Datennutzungspraxis. In: Bertelsmann Stiftung, Wittenberg Center for Global Ethics (Eds.): Unternehmensverantwortung im digitalen Wandel. Ein Debattenbeitrag zur Corporate Digital Responsibility, pp. 239\u2013245. Available online: <a href=\"https:\/\/www.bertelsmann-stiftung.de\/de\/publikationen\/publikation\/did\/unternehmensverantwortung-im-digitalen-wandel-all\" target=\"_blank\" rel=\"noopener\">https:\/\/www.bertelsmann-stiftung.de\/de\/publikationen\/publikation\/did\/unternehmensverantwortung-im-digitalen-wandel-all<\/a><\/li>\n<li>Filipovi\u0107, Alexander; Koska, Christopher (2019): Corporate Digital Responsibility muss mehr als geltendes Recht abbilden. Online article: <a href=\"https:\/\/www.future-of-hr.com\/2019\/10\/corporate-digital-responsibility-muss-mehr-als-geltendes-recht-abbilden\" target=\"_blank\" rel=\"noopener\">https:\/\/www.future-of-hr.com\/2019\/10\/corporate-digital-responsibility-muss-mehr-als-geltendes-recht-abbilden<\/a><\/li>\n<li>Koska, Christopher; Filipovi\u0107, Alexander (2019): Blackbox AI \u2013 State Regulation or Corporate Responsibility? In: Digitale Welt, 3(4), pp. 28\u201331. Online available via SpringerLink, DOI: <a href=\"https:\/\/link.springer.com\/article\/10.1007\/s42354-019-0208-5\" target=\"_blank\" rel=\"noopener\">https:\/\/doi.org\/10.1007\/s42354-019-0208-5.<\/a>Free version: <a href=\"https:\/\/digitaleweltmagazin.de\/fachbeitrag\/blackbox-ai-state-regulation-or-corporate-responsibility\">https:\/\/digitaleweltmagazin.de\/fachbeitrag\/blackbox-ai-state-regulation-or-corporate-responsibility<\/a><\/li>\n<li>ilipovi\u0107, Alexander; Koska, Christopher; Paganini, Claudia (2018): Developing a Professional Ethics for Algorithmists. Learning from Examples of Established Ethics. In: Bertelsmann Stiftung (Ed.): Impulse Algorithmenethik (Workingpaper 9). DOI: https:\/\/doi.org\/10.11586\/2018034 <a href=\"https:\/\/www.bertelsmann-stiftung.de\/index.php?id=5772&amp;tx_rsmbstpublications_pi2%5bdoi%5d=10.11586\/2018033&amp;no_cache=1\" target=\"_blank\" rel=\"noopener\">10.11586\/2018033<\/a><\/li>\n<li>Koska, Christopher (2018): Autonomes Fahren vor dem Durchbruch: K\u00fcnstliche Intelligenz und Big Data als Antwort auf ethische Dilemma-Situationen. In: Grimm, P.; Z\u00f6llner, O. (Eds.): Mensch \u2013 Maschine. Ethische Sichtweisen auf ein Spannungsverh\u00e4ltnis. Schriftenreihe Medienethik, Vol. 17, Franz Steiner Verlag, Stuttgart, pp. 73\u201392.\u00a0<a href=\"https:\/\/elibrary.steiner-verlag.de\/book\/99.105010\/9783515122726\" target=\"_blank\" rel=\"noopener\">https:\/\/elibrary.steiner-verlag.de\/book\/99.105010\/9783515122726<\/a><\/li>\n<li>Bitkom e.V. (2017): Entscheidungsunterst\u00fctzung mit K\u00fcnstlicher Intelligenz \u2013 Wirtschaftliche Bedeutung, gesellschaftliche Herausforderungen, menschliche Verantwortung. (Position paper, co-author). <a href=\"https:\/\/www.bitkom.org\/Bitkom\/Publikationen\/Entscheidungsunterstuetzung-mit-Kuenstlicher-Intelligenz\" target=\"_blank\" rel=\"noopener\">https:\/\/www.bitkom.org\/Bitkom\/Publikationen\/Entscheidungsunterstuetzung-mit-Kuenstlicher-Intelligenz<\/a><\/li>\n<li>Koska, Christopher; Filipovi\u0107, Alexander (2017): Gestaltungsfragen der Digitalit\u00e4t. Zu den sozialethischen Herausforderungen von KI, Big Data und Virtualit\u00e4t. In: Bergold, R.; Sautermeister, J.; Schr\u00f6der, A. (Eds.): Dem Wandel eine menschliche Gestalt geben. Freiburg: Herder, pp. 173\u2013191.\u00a0<a href=\"https:\/\/www.herder.de\/theologie-pastoral-shop\/dem-wandel-eine-menschliche-gestalt-geben\" target=\"_blank\" rel=\"noopener\">https:\/\/www.herder.de\/theologie-pastoral-shop\/dem-wandel-eine-menschliche-gestalt-geben<\/a><\/li>\n<li>Koska, Christopher (2015): Zur Idee einer digitalen Bildungsidentit\u00e4t. In: Gapski, H. (Ed.): Big Data und Medienbildung. Schriftenreihe zur digitalen Gesellschaft NRW, Vol. 3, pp. 81\u201393.\u00a0<a href=\"https:\/\/www.grimme-institut.de\/publikationen\/schriftenreihe\/p\/d\/big-data-und-medienbildung-zwischen-kontrollverlust-selbstverteidigung-und-souveraenitaet-in-der-d\/\" target=\"_blank\" rel=\"noopener\">https:\/\/www.grimme-institut.de\/publikationen\/schriftenreihe\/p\/d\/big-data-und-medienbildung<\/a><\/li>\n<li>Koska, Christopher (2015): User- and Usage Mining | Privacy Preservation. Schritte zur Integration beider Welten. In: Grimm, P.; Keber, T. O.; Z\u00f6llner, O. (Eds.): Anonymit\u00e4t und Transparenz in der digitalen Gesellschaft. Schriftenreihe Medienethik, Vol. 15, Franz Steiner Verlag, Stuttgart, pp. 163\u2013183.<\/li>\n<li>Koska, Christopher (2015): Brockhaus 3.0. Zum Wandel der klassischen Gatekeeper-Funktion. In: Communicatio Socialis, 48(1), pp. 65\u201371. <a href=\"http:\/\/ejournal.communicatio-socialis.de\/index.php\/cc\/article\/view\/907\">http:\/\/ejournal.communicatio-socialis.de\/index.php\/cc\/article\/view\/907<\/a><\/li>\n<\/ul>\n<\/div><div class=\"vc_empty_space\"   style=\"height: 22px\"><span class=\"vc_empty_space_inner\"><\/span><\/div><div class=\"vc_separator wpb_content_element vc_separator_align_left vc_sep_width_100 vc_sep_pos_align_center vc_sep_color_grey vc_separator-has-text\" ><span class=\"vc_sep_holder vc_sep_holder_l\"><span  class=\"vc_sep_line\"><\/span><\/span><h4>Reviews<\/h4><span class=\"vc_sep_holder vc_sep_holder_r\"><span  class=\"vc_sep_line\"><\/span><\/span>\n<\/div><div class=\"vc_empty_space\"   style=\"height: 22px\"><span class=\"vc_empty_space_inner\"><\/span><\/div><div class=\"mkd-unordered-list\" >\n<ul>\n<li>Koska, Christopher (2014): Review of: L\u00fcck, Anne-Kathrin (2013): Der gl\u00e4serne Mensch im Internet. Ethische Reflexionen zur Sichtbarkeit, Leiblichkeit und Personalit\u00e4t in der Online-Kommunikation. Forum Systematik \u2013 Beitr\u00e4ge zur Dogmatik, Ethik und \u00f6kumenischen Theologie. Verlag W. Kohlhammer GmbH, Stuttgart. In: Communicatio Socialis, Vol. 47(3), pp. 378\u2013379. Available online: <a href=\"http:\/\/ejournal.communicatio-socialis.de\/index.php\/cc\/article\/view\/729\/728\" target=\"_blank\" rel=\"noopener\">http:\/\/ejournal.communicatio-socialis.de\/index.php\/cc\/article\/view\/729\/728<\/a><\/li>\n<li>Koska, Christopher (2014): Review of: Beiler, Markus (2013): Nachrichtensuche im Internet. Inhaltsanalyse zur journalistischen Qualit\u00e4t von Nachrichtensuchmaschinen. UVK Verlagsgesellschaft mbH, Konstanz und M\u00fcnchen. In: Communicatio Socialis, Vol. 47(2),<br \/>\npp. 254\u2013256. Available online: <a href=\"http:\/\/ejournal.communicatio-socialis.de\/index.php\/cc\/article\/view\/665\/664\" target=\"_blank\" rel=\"noopener\">http:\/\/ejournal.communicatio-socialis.de\/index.php\/cc\/article\/view\/665\/664<\/a><\/li>\n<\/ul>\n<\/div><div class=\"vc_empty_space\"   style=\"height: 22px\"><span class=\"vc_empty_space_inner\"><\/span><\/div>\t<\/div>\n<\/div><\/div>\t\t<\/div>\n\t<\/div>\n<\/div><\/div><\/div><\/div><\/div><\/div><\/div><div data-mkd-anchor=\"talks\" class=\"vc_row wpb_row vc_row-fluid mkd-section mkd-content-aligment-left\" style=\"\"><div class=\"clearfix mkd-full-section-inner\"><div class=\"wpb_column vc_column_container vc_col-sm-12\"><div class=\"vc_column-inner\"><div class=\"wpb_wrapper\"><div class=\"mkd-elements-holder mkd-responsive-mode-768\" ><div class=\"mkd-elements-holder-item\" data-item-class=\"mkd-elements-holder-custom-627656\" >\n\t\t<div class=\"mkd-elements-holder-item-inner\">\n\t\t<div class=\"mkd-elements-holder-item-content mkd-elements-holder-custom-627656\" >\n\t\t\t<div class=\"vc_empty_space\"   style=\"height: 64px\"><span class=\"vc_empty_space_inner\"><\/span><\/div>\n<div class=\"mkd-section-title mkd-section-align-center\" style=\"font-size: 72px\">\n\tTalks, Lectures &amp; Workshops<span class=\"mkd-section-highlighted\" style=\"color: #50b28a\">.<\/span><\/div><div class=\"vc_empty_space\"   style=\"height: 64px\"><span class=\"vc_empty_space_inner\"><\/span><\/div>\t\t<\/div>\n\t<\/div>\n<\/div><\/div><\/div><\/div><\/div><\/div><\/div><div class=\"vc_row wpb_row vc_row-fluid mkd-section mkd-content-aligment-left\" style=\"\"><div class=\"clearfix mkd-full-section-inner\"><div class=\"wpb_column vc_column_container vc_col-sm-12\"><div class=\"vc_column-inner\"><div class=\"wpb_wrapper\"><div class=\"mkd-elements-holder mkd-responsive-mode-768\" ><div class=\"mkd-elements-holder-item\" data-item-class=\"mkd-elements-holder-custom-110091\" >\n\t\t<div class=\"mkd-elements-holder-item-inner\">\n\t\t<div class=\"mkd-elements-holder-item-content mkd-elements-holder-custom-110091\" >\n\t\t\t<div class=\"mkd-accordion-holder clearfix mkd-accordion mkd-initial\">\n\t<h6 class=\"clearfix mkd-title-holder\">\n\t<span class=\"mkd-tab-title\">\n\t\t<span class=\"mkd-tab-title-inner\">\n\t\t\tDates, Topics and Occasions\t\t<\/span>\n\t<\/span>\n\t<span class=\"mkd-accordion-mark\">\n\t\t<span class=\"mkd-accordion-mark-icon\">\n\t\t\t<span class=\"icon_plus\"><\/span>\n\t\t\t<span class=\"icon_minus-06\"><\/span>\n\t\t<\/span>\n\t<\/span>\n<\/h6>\n<div class=\"mkd-accordion-content\">\n\t<div class=\"mkd-accordion-content-inner\">\n\t\t<div class=\"vc_empty_space\"   style=\"height: 22px\"><span class=\"vc_empty_space_inner\"><\/span><\/div><div class=\"mkd-unordered-list\" >\n<ul>\n<li>10 July 2025, Linz (Austria): How AI Can Support Social Work \u2013 Keynote and press briefing at the anniversary event \u201c20 Years of Care and Case Management\u201d, hosted by Proges Academy.<\/li>\n<li>5 May 2025, Irsee Monastery (Germany): The Changing Nature of Work \u2013 How AI Is Reshaping the Demands on Human Care \u2013 Talk at the 50th annual conference of the Federal Association of Senior Psychiatric Nursing Professionals (BFLK).<\/li>\n<li>28 November 2024, Ashesi University, Berekuso (Ghana): Introduction to the Development of Ethically-Aligned AI \u2013 Online lecture by invitation of Prof. Dr. Dirk Kleine.<\/li>\n<li>2 July 2024, Rosenheim (Germany): KAIMo Project Presentation \u2013 Impulse talk and workshop with municipal youth welfare authorities, in collaboration with Prof. Robert Lehmann (TH Nuremberg), at the 29th Statewide Bavarian Youth Welfare Leadership Conference.<\/li>\n<li>13 May 2024, Technical University of Ingolstadt (Germany): Ethics of Algorithms \u2013 Guest lecture in English as part of an international computer science programme, invited by Prof. Matthias Uhl.<\/li>\n<li>22 March 2024, Munich (Germany): KAIMo Project Presentation \u2013 Talk at the Bavarian State Ministry for Family Affairs, Labour and Social Affairs, by invitation of State Secretary Dr. Markus Gruber, on transferring academic research into practical application.<\/li>\n<li>3 November 2023, Munich (Germany): From CDR Principles to Practice \u2013 Successfully Implementing Guidelines \u2013 Workshop in cooperation with Niina Zuber (bidt) and Jan Fiete Sch\u00fctte (dimension2) at the CDR Lab expert conference.<\/li>\n<li>2 November 2023, Munich (Germany): Corporate Digital Responsibility \u2013 Building Digital Trust \u2013 Moderator of a public evening panel discussion at the Hochschule f\u00fcr Philosophie Munich, with guests from DATEV, Munich Airport, TU Munich, and others.<\/li>\n<li>11 October 2023, Munich (Germany): AI-assisted Reflection of Implicit Biases in the Context of Child Welfare Assessment \u2013 Talk at the international workshop \u201cImplicit Bias: What Are We Missing?\u201d at the Hochschule f\u00fcr Philosophie Munich.<\/li>\n<li>10 July 2023, Online: The Role of Data and AI in Relation to Diversity and Participation \u2013 Impulse talk at the AWO Future Workshop on Welfare and Data, hosted by the German AWO Federal Association.<\/li>\n<li>23 June 2023, Munich (Germany): Trust in AI \u2013 More Than Reliability \u2013 Impulse talk at a workshop of the Federal Working Group on Digitalisation and Media (Alliance 90\/The Greens) on trustworthy AI and the EU AI Act.<\/li>\n<li>20 December 2022, Rosenheim (Germany): Introduction to the Ethics of Algorithms \u2013 Guest lecture in the course \u201cAlgorithms and Data Structures\u201d at the Faculty of Computer Science, TH Rosenheim.<\/li>\n<li>8 November 2022, University of Vienna (Austria): \u2018Meaningful Human Control\u2019 as a Topic in Digital Education \u2013 Impulse talk at the expert workshop \u201cOrganising Higher Education with AI? Ethical Perspectives on the Transformation of Academia.\u201d<\/li>\n<li>10 October 2022, Munich (Germany): Building Digital Trust \u2013 Opportunities and Challenges in Ethically Aligned Design \u2013 Talk at the international conference \u201cCan Algorithms Calculate Morally?\u201d at the Hochschule f\u00fcr Philosophie Munich.<\/li>\n<li>12 July 2022, Nuremberg (Germany): IT and Ethics \u2013 Living Digital Responsibility \u2013 Panel discussion at the N\u00fcrnberg Digital Festival, hosted by DATEV.<\/li>\n<li>20 June 2022, Online: Using Data Responsibly and Innovatively \u2013 Tensions and Thematic Orientation \u2013 Impulse talk at the CDR Lab workshop \u201cResponsible and Innovative Use of Data\u201d.<\/li>\n<li>14 March 2022, Online: The EU AI Proposal \u2013 Presentation and Joint Discussion \u2013 Online workshop on \u201cCDR \u2013 Standards, Regulation and Measurability\u201d as part of the CDR Lab series.<\/li>\n<li>23 November 2021, Online, Konstanz University of Applied Sciences: Dimensions of Algorithmic Ethics \u2013 Guest lecture in the interdisciplinary lecture series \u201cApplied Ethics \u2013 Transdisciplinary Insights into Ethical Practice\u201d, focused on ethics and AI.<\/li>\n<li>29 October 2021, Munich (Germany): The 9 Principles of the CDR Code of the German Federal Ministry of Justice and Consumer Protection \u2013 Workshop as part of the CDR Lab.<\/li>\n<li>27 October 2021, Online: Data Ethics Workshop (Staff &amp; Members): Living Digital Responsibility \u2013 Part of the DATEV DigiCamp.<\/li>\n<li>23 February 2021, Online: Best Practices \u2013 Bringing Data Ethics and AI Guidelines to Life \u2013 Talk at the Corporate Digital Responsibility Lab in Munich.<\/li>\n<li>8 November 2019, Karlsruhe (Germany): Christian Responsibility in Digital Education \u2013 Impulse talk at the annual conference of the Church Working Group in Baden-W\u00fcrttemberg (KiLAG).<\/li>\n<li>11 September 2019, Munich (Germany): Digital Futures \u2013 Impulse talk for the 2020\/21 programme planning of the Munich Adult Education Centre.<\/li>\n<li>1 February 2019, Wuppertal (Germany): Philosophical Aspects of the Digitalisation Debate \u2013 Talk at the 2nd Symposium \u201cInformatics Learning and Understanding the Digital Media World\u201d.<\/li>\n<li>20 April 2018, Freiburg (Germany): The Digital Transformation of Education \u2013 Talk at the general assembly of the Association for Adult Education.<\/li>\n<li>22 March 2018, Berlin (Germany): Philosophical Night Talk \u2013 Event at the STARTKLAR?! workshop conference hosted by the Goethe-Institut.<\/li>\n<li>23 February 2018, Munich (Germany): Digital Educational Identity \u2013 The Right to Transparency and Explanation \u2013 Talk at the annual conference of the Media Ethics Network.<\/li>\n<li>24 October 2017, Konstanz (Germany): Autonomous Driving and Ethics \u2013 Talk in the series \u201cApplied Ethics \u2013 Transdisciplinary Insights into Ethical Practice\u201d.<\/li>\n<li>19 October 2017, Dresden (Germany): The Transparent Human Online \u2013 How Do We Want to Live in a Digital Society? \u2013 Public evening talk at the Catholic Academy Dresden.<\/li>\n<li>11 October 2017, Munich (Germany): AI and Ethics \u2013 Roundtable at KICamp, Microsoft Germany.<\/li>\n<li>21 June 2017, Stuttgart (Germany): Towards Moral Operating Systems for Self-driving Cars \u2013 Talk at IDEepolis 2017, Stuttgart Media University.<\/li>\n<li>13 May 2017, Bayreuth (Germany): Do We Need Algorithm Ethics? Real-time Ethics as a Response to Real-time Communication \u2013 Talk at the Academy for Civic Education.<\/li>\n<li>30 March 2017, Mainz (Germany): Algorithmic Ethics \u2013 Opportunities and Challenges of Real-time Ethics \u2013 Talk at bitkom\/AK Big Data.<\/li>\n<li>25 November 2015, Ansbach (Germany): The Power of Algorithms \u2013 Resisting Total Digital Control \u2013 Evening lecture at Ansbach University.<\/li>\n<li>5 November 2015, Munich (Germany): Presentation of the Second EEXCESS Prototype \u2013 A Case Study in Transparent Recommendation Technology \u2013 Talk in the Data Journalism &amp; Storytelling Working Group.<\/li>\n<li>15 October 2015, Munich (Germany): Digital Educational Identity \u2013 A Media Ethics Perspective on Core Requirements in a Big Data Context \u2013 Talk at the Working Group on Digital Transformation of Society, Impact Hub.<\/li>\n<li>2 April 2015, Toulouse (France): Paths to Knowledge on the Web \u2013 Opportunities and Challenges of Personalised Recommendation Technologies \u2013 Evening lecture at the German School Toulouse.<\/li>\n<li>24 February 2015, Munich (Germany): Extended Reality \u2013 Extended Morality? \u2013 Panel discussion at Augmented Reality Day, University of Television and Film Munich.<\/li>\n<li>14 October 2014, Munich (Germany): Information and Credibility Online \u2013 In the Filter Bubble Through the Flood of Information \u2013 Impulse talk at the Digital Future Youth Conference at Munich City Hall.<\/li>\n<li>24 September 2014, Munich (Germany): Basic Technologies for Lifelong Learning \u2013 Impulse talk and workshop for employees at Klett-Langenscheidt GmbH.<\/li>\n<li>18 September 2014, Hennef (Germany): Privacy and Data Protection Online \u2013 Opening talk at an educational event of the Konrad Adenauer Foundation.<\/li>\n<li>16 July 2014, Munich (Germany): The Real World Comes to the Screen \u2013 Cinema workshop at ARRI Kino during the AG Interaktiv privacy action week.<\/li>\n<li>14 June 2014, Munich (Germany): Are We Still Creative? Rethinking Innovation \u2013 Panel discussion at a public education event of the Thomas Dehler Foundation and the Friedrich Naumann Foundation.<\/li>\n<li>7 June 2014, Berlin (Germany): Basic Technologies for Lifelong Learning \u2013 Workshop at the World Congress of German Schools Abroad (WDA), hosted at the Federal Foreign Office.<\/li>\n<li>13 January 2014, Stuttgart (Germany): User and Usage Mining vs. Privacy Preservation \u2013 Steps Towards Integration \u2013 Talk at IDEepolis 2014, Stuttgart Media University.<\/li>\n<li>6 September 2013, Graz (Austria): Research and Development \u2013 Brockhaus Online \u2013 Presentation at the practice forum of the i-KNOW 2013 conference on knowledge technologies and data-driven business.<\/li>\n<li>18 July 2013, Munich (Germany): Digital Normal \u2013 A Changing Publishing World? \u2013 Impulse talk and panel participation at the Hochschule f\u00fcr Philosophie Munich.<\/li>\n<li>18 April 2013, Munich (Germany): Applied Ontologies \u2013 Designing Knowledge Networks for Machine-Based Information Processing \u2013 Talk at the Peutinger Collegium business lunch, Bayerischer Hof.<\/li>\n<\/ul>\n<\/div><div class=\"vc_empty_space\"   style=\"height: 22px\"><span class=\"vc_empty_space_inner\"><\/span><\/div>\t<\/div>\n<\/div><\/div>\t\t<\/div>\n\t<\/div>\n<\/div><\/div><\/div><\/div><\/div><\/div><\/div><div data-mkd-anchor=\"anfragen\" data-mkd-parallax-speed=\"1\" class=\"vc_row wpb_row vc_row-fluid mkd-section mkd-content-aligment-center mkd-parallax-section-holder mkd-parallax-section-holder-touch-disabled\" style=\"background-image:url(https:\/\/koska.de\/wp-content\/uploads\/2021\/09\/Background_Projekte.jpg);\"><div class=\"clearfix mkd-full-section-inner\"><div class=\"wpb_column vc_column_container vc_col-sm-12 vc_col-has-fill\"><div class=\"vc_column-inner vc_custom_1631132585245\"><div class=\"wpb_wrapper\"><div class=\"mkd-elements-holder mkd-responsive-mode-768\" ><div class=\"mkd-elements-holder-item\" data-item-class=\"mkd-elements-holder-custom-104404\" >\n\t\t<div class=\"mkd-elements-holder-item-inner\">\n\t\t<div class=\"mkd-elements-holder-item-content mkd-elements-holder-custom-104404\" >\n\t\t\t<div class=\"vc_empty_space\"   style=\"height: 64px\"><span class=\"vc_empty_space_inner\"><\/span><\/div>\n<div class=\"mkd-section-title mkd-section-align-center\" style=\"font-size: 72px\">\n\tContact<span class=\"mkd-section-highlighted\" style=\"color: #50b28a\">.<\/span><\/div><div class=\"vc_empty_space\"   style=\"height: 22px\"><span class=\"vc_empty_space_inner\"><\/span><\/div>\t\t<\/div>\n\t<\/div>\n<\/div><\/div><div class=\"mkd-elements-holder mkd-two-columns mkd-responsive-mode-768\" ><div class=\"mkd-elements-holder-item\" data-item-class=\"mkd-elements-holder-custom-417832\" >\n\t\t<div class=\"mkd-elements-holder-item-inner\">\n\t\t<div class=\"mkd-elements-holder-item-content mkd-elements-holder-custom-417832\" >\n\t\t\t\n    <span class=\"mkd-icon-shortcode normal mkd-icon-medium\"  >\n        \n        <i class=\"mkd-icon-font-awesome fa fa-mail-forward mkd-icon-element\" style=\"\" ><\/i>\n            <\/span>\n\n<div class=\"vc_empty_space\"   style=\"height: 22px\"><span class=\"vc_empty_space_inner\"><\/span><\/div>\n<span class=\"mkd-section-subtitle\" style=\"text-align:center\">\n\tWould you like to get in touch?<\/span><div class=\"vc_empty_space\"   style=\"height: 12px\"><span class=\"vc_empty_space_inner\"><\/span><\/div>\n<span class=\"mkd-section-subtitle\" style=\"text-align:center\">\n\tYou're very welcome to drop me a line.<\/span>\t\t<\/div>\n\t<\/div>\n<\/div><div class=\"mkd-elements-holder-item\" data-item-class=\"mkd-elements-holder-custom-575883\" >\n\t\t<div class=\"mkd-elements-holder-item-inner\">\n\t\t<div class=\"mkd-elements-holder-item-content mkd-elements-holder-custom-575883\" >\n\t\t\t\n<div class=\"wpcf7 no-js\" id=\"wpcf7-f5-o1\" lang=\"de-DE\" dir=\"ltr\" data-wpcf7-id=\"5\">\n<div class=\"screen-reader-response\"><p role=\"status\" aria-live=\"polite\" aria-atomic=\"true\"><\/p> <ul><\/ul><\/div>\n<form action=\"\/en\/wp-json\/wp\/v2\/pages\/9502#wpcf7-f5-o1\" method=\"post\" class=\"wpcf7-form init\" aria-label=\"Kontaktformular\" novalidate=\"novalidate\" data-status=\"init\" data-trp-original-action=\"\/en\/wp-json\/wp\/v2\/pages\/9502#wpcf7-f5-o1\">\n<fieldset class=\"hidden-fields-container\"><input type=\"hidden\" name=\"_wpcf7\" value=\"5\" \/><input type=\"hidden\" name=\"_wpcf7_version\" value=\"6.1.3\" \/><input type=\"hidden\" name=\"_wpcf7_locale\" value=\"de_DE\" \/><input type=\"hidden\" name=\"_wpcf7_unit_tag\" value=\"wpcf7-f5-o1\" \/><input type=\"hidden\" name=\"_wpcf7_container_post\" value=\"0\" \/><input type=\"hidden\" name=\"_wpcf7_posted_data_hash\" value=\"\" \/>\n<\/fieldset>\n<p><label> Your name *<br \/>\n<span class=\"wpcf7-form-control-wrap\" data-name=\"your-name\"><input size=\"40\" maxlength=\"400\" class=\"wpcf7-form-control wpcf7-text wpcf7-validates-as-required\" aria-required=\"true\" aria-invalid=\"false\" value=\"\" type=\"text\" name=\"your-name\" \/><\/span> <\/label>\n<\/p>\n<p><label> Your email address *<br \/>\n<span class=\"wpcf7-form-control-wrap\" data-name=\"your-email\"><input size=\"40\" maxlength=\"400\" class=\"wpcf7-form-control wpcf7-email wpcf7-validates-as-required wpcf7-text wpcf7-validates-as-email\" aria-required=\"true\" aria-invalid=\"false\" value=\"\" type=\"email\" name=\"your-email\" \/><\/span> <\/label>\n<\/p>\n<p><label> Subject *<br \/>\n<span class=\"wpcf7-form-control-wrap\" data-name=\"your-subject\"><input size=\"40\" maxlength=\"400\" class=\"wpcf7-form-control wpcf7-text wpcf7-validates-as-required\" aria-required=\"true\" aria-invalid=\"false\" value=\"\" type=\"text\" name=\"your-subject\" \/><\/span> <\/label>\n<\/p>\n<p><label> Your message *<br \/>\n<span class=\"wpcf7-form-control-wrap\" data-name=\"your-message\"><textarea cols=\"40\" rows=\"10\" maxlength=\"2000\" class=\"wpcf7-form-control wpcf7-textarea wpcf7-validates-as-required\" aria-required=\"true\" aria-invalid=\"false\" name=\"your-message\"><\/textarea><\/span> <\/label>\n<\/p>\n<p><input class=\"wpcf7-form-control wpcf7-submit has-spinner\" type=\"submit\" value=\"Send\" \/>\n<\/p><div class=\"wpcf7-response-output\" aria-hidden=\"true\"><\/div>\n<input type=\"hidden\" name=\"trp-form-language\" value=\"en\"\/><\/form>\n<\/div>\n\t\t<\/div>\n\t<\/div>\n<\/div><\/div><\/div><\/div><\/div><\/div><\/div>","protected":false},"excerpt":{"rendered":"\u00dcber mich Dr. phil. Christopher Koska. Mich interessiert, wie digitale Technologien \u2013 insbesondere datenbasierte und KI-gest\u00fctzte Systeme \u2013 unser Denken, Entscheiden und Zusammenleben ver\u00e4ndern. Ich erforsche ihre ethischen, erkenntnistheoretischen und gesellschaftlichen Dimensionen \u2013 und arbeite daran, dass sie verantwortungsvoll und sinnstiftend gestaltet werden. Meine...","protected":false},"author":1,"featured_media":0,"parent":0,"menu_order":0,"comment_status":"closed","ping_status":"closed","template":"","meta":{"inline_featured_image":false,"footnotes":""},"class_list":["post-9502","page","type-page","status-publish","hentry"],"_links":{"self":[{"href":"https:\/\/koska.de\/en\/wp-json\/wp\/v2\/pages\/9502","targetHints":{"allow":["GET"]}}],"collection":[{"href":"https:\/\/koska.de\/en\/wp-json\/wp\/v2\/pages"}],"about":[{"href":"https:\/\/koska.de\/en\/wp-json\/wp\/v2\/types\/page"}],"author":[{"embeddable":true,"href":"https:\/\/koska.de\/en\/wp-json\/wp\/v2\/users\/1"}],"replies":[{"embeddable":true,"href":"https:\/\/koska.de\/en\/wp-json\/wp\/v2\/comments?post=9502"}],"version-history":[{"count":385,"href":"https:\/\/koska.de\/en\/wp-json\/wp\/v2\/pages\/9502\/revisions"}],"predecessor-version":[{"id":10707,"href":"https:\/\/koska.de\/en\/wp-json\/wp\/v2\/pages\/9502\/revisions\/10707"}],"wp:attachment":[{"href":"https:\/\/koska.de\/en\/wp-json\/wp\/v2\/media?parent=9502"}],"curies":[{"name":"wp","href":"https:\/\/api.w.org\/{rel}","templated":true}]}}